{"id":148,"date":"2021-09-27T18:34:59","date_gmt":"2021-09-27T16:34:59","guid":{"rendered":"https:\/\/demo.infographart.com\/valerieravoisier1\/?page_id=148"},"modified":"2022-08-20T17:00:34","modified_gmt":"2022-08-20T15:00:34","slug":"expositions","status":"publish","type":"page","link":"https:\/\/demo.infographart.com\/valerieravoisier1\/?page_id=148","title":{"rendered":"Expositions"},"content":{"rendered":"\n<div class=\"wp-block-group\"><div class=\"wp-block-group__inner-container is-layout-flow wp-block-group-is-layout-flow\">\n<div class=\"wp-block-group\"><div class=\"wp-block-group__inner-container is-layout-flow wp-block-group-is-layout-flow\">\n<p><strong>1985<\/strong> &#8211; Salon d\u2019Arts contemporains \u00ab Jeunes \u00e9coles&nbsp;\u00bb Lille \/ Exp photo &nbsp;\u00ab\u00a0Femmes d\u2019Ivoire \u00a0\u00bb &nbsp;Lille, espace Terre des hommes.&nbsp; &nbsp; &nbsp; &nbsp; &nbsp; &nbsp; <\/p>\n\n\n\n<p><strong>1986 \/ 1987<\/strong> &#8211; Voyage et rencontre au&nbsp;Gabon et en C\u00f4te d\u2019Ivoire &#8211; exposition collective Abidjan \u00ab\u00a0Echanges\u00a0\u00bb.&nbsp; &nbsp; &nbsp; &nbsp; &nbsp; <\/p>\n\n\n\n<p>&nbsp;\u00abLes artistes dans le bain&nbsp;\u00bb 1er prix jeune cr\u00e9ation contemporaine &nbsp;&nbsp; &nbsp; &nbsp; &nbsp; &nbsp; &nbsp;<\/p>\n\n\n\n<p><strong>1988 \/ 1989<\/strong> &#8211; Roubaix. \/ Expo collective \u00ab Les B.O Arts&nbsp;\u00bb &nbsp; &nbsp;Lille.\u200b Expostion Galerie \u00ab\u00a0LA Lico\u00a0\u00bb Abstractions africaines\u00a0\u00bb <\/p>\n\n\n\n<p>&#8211; Galerie Pitch Beach &#8211; Enghien, expo perso. \/ Expo collective \u00ab&nbsp;In situ&nbsp;\u00bb<\/p>\n\n\n\n<p><strong>1990 \/ 1998<\/strong> &#8211; Les Traces, Lille 1er prix . Galerie La Ruelle, Lille\u200b1990 \u00e0 1998 &#8211; Galerie Contraste &#8211; Lille \/ Espace Pignon &#8211; Expo Personnelle <\/p>\n\n\n\n<p>&#8211; les M\u00e9trodart &#8211; Rencontres contemporaines plastiques &#8211; Lille\u200b<br>&nbsp; &nbsp; &nbsp; &nbsp; &nbsp; &nbsp; &nbsp;Espace Parton &#8211; La Rochelle \/ Galerie \u00ab\u00a0La Baleine \u00e0 Bosses\u00a0\u00bb &#8211; Toulouse &#8211; Cr\u00e9ation de mes 2 enfants\u2026\u200b<\/p>\n\n\n\n<p><br><strong>1999 <\/strong>&#8211; Nantes &#8211; La Loco (expo perso) \/ Expo collective La Station &#8211; Nice.\u200b \/ Salon \u00ab\u00a0nov<\/p>\n\n\n\n<p><br><strong>2000 <\/strong>&#8211; Artego &#8211; Exp coll. arts contemporains Nice \/ Ouverture de l\u2019Atelier Blondell\u2019 Art &#8211; Grasse (expo permanente) Centre historique\/ &nbsp; &nbsp; &nbsp; &nbsp; &nbsp; &nbsp; &nbsp; &nbsp; &nbsp; &nbsp; &nbsp; &nbsp; &nbsp; &nbsp; &nbsp; &nbsp;Installations \u00e9ph\u00e9m\u00e8res in situ \u00e0 Nice <\/p>\n\n\n\n<p><strong>1993 \/ 1999<\/strong> &#8211; Friche Les Diables Bleus \/\u200b Salon \u00ab\u00a0Giovani creatori\u00a0\u00bb Genova<\/p>\n\n\n\n<p><br><strong>2001<\/strong> &#8211; Galerie&nbsp; Carr\u00e9 &nbsp;expo \u00a0\u00bb Tuos en forme\u00a0\u00bb&nbsp;&#8211; Montpellier \/ Exposition &nbsp; \u00ab\u00a0La Loco\u00a0\u00bb\u200b Abstraits du moment &#8211; Nantes \/ Expo collective &#8211; Les Stations &#8211; Nice\u200b<\/p>\n\n\n\n<p><br><strong>2002<\/strong> &#8211; Fondation Sophia Antipolis \/ -Installations Land Art Traces Urbaines &#8211; &nbsp;Grasse. \/ Expo coll &#8211; Grasse &#8211; La Poissonnerie&nbsp;\u200b<\/p>\n\n\n\n<p><br><strong>2003 \/ 2006<\/strong> &#8211; Expo personnelle Palais des Congr\u00e8s de Grasse \u00ab&nbsp;Sentiers de vie&nbsp;\u00bb- \/ Golf St Donat- expo personnelle \/ Installations \u00e9ph\u00e9m\u00e8re sur le parvis du MAMAC, Nice\u200b<br>&nbsp; &nbsp; &nbsp; &nbsp; &nbsp; &nbsp; &nbsp; &nbsp;Expo collective Land Art, Calern In Situ &nbsp; \/ installation perso &#8211; St Rapha\u00ebl, Nice, Galerie des Ponchettes.\u200b<br>&nbsp; &nbsp; &nbsp; &nbsp; &nbsp; &nbsp; &nbsp; &nbsp;Art@baz &#8211; expo collective Land Art &#8211; Nice &#8211; &nbsp; Nice,&nbsp; H\u00f4tel particulier Les Rausses&nbsp;\u200b<\/p>\n\n\n\n<p><br><strong>2007 \/ 2008<\/strong> &#8211; R\u00e9sidence aux Cara\u00eebes &#8211; \u00cfle de la D\u00e9sirade Antilles fran\u00e7aises&nbsp;<\/p>\n\n\n\n<p><strong>2007 <\/strong>&#8211; Voyage et invitation par l\u2019Alliance fran\u00e7aise \u00e0 Shanghai&nbsp;&#8211; Installation d&rsquo;une oeuvre et cours avec&nbsp;\u00ab&nbsp;FINEART COLLEGE OF SHANGHAI UNIVERSITY&nbsp;\u00bb Exposition &nbsp;\u00ab Club de France&nbsp;\u00bb Shanghai.&nbsp;\u200b\u200b\u200b\u200b\u200b\u200b<\/p>\n\n\n\n<p><strong>\u200b\u200b\u200b\u200b2009 \/ 2010<\/strong> &#8211; Installation \u00e0 Arles &#8211; Exposition La Qu\u00e9rida &nbsp;&#8211; Arles &#8211; Colllages et Calligraphies d&rsquo;\u00e9t\u00e9 Arles &#8211;&nbsp;<\/p>\n\n\n\n<p><strong>2011 <\/strong>&#8211; Femmes en encre de Chine &#8211; Arles Montpellier\u200b\u200b\u200b\u200b &#8211; Collectif Marseille A3 Femmes de talents &#8211; Expos individuelle Espace Van Gogh Arles<\/p>\n\n\n\n<p><strong>2012 <\/strong>&#8211; Abstractions d&rsquo;hiver&nbsp;1 &amp; 2 &lt; st R\u00e9my-de-Provence &#8211; Exposition collective ESCALE Espace Van Gogh Arles &#8211; Stage de Calligraphies &nbsp; &nbsp; &nbsp; &nbsp; &nbsp; &nbsp; &nbsp; &nbsp; &nbsp; &nbsp; &nbsp; &nbsp; &nbsp; &nbsp; &nbsp; &nbsp; &nbsp; &nbsp; chinoises &#8211; Voyage et rencontre Chine Beijing District 798 Aout 13 <\/p>\n\n\n\n<p><strong>2013 <\/strong>&#8211;&nbsp;Exposition collective Escale Paradou &#8211; Les Alpilles <\/p>\n\n\n\n<p>Invitaiton M50 Shangha\u00ef &nbsp;(Aout 14) &#8211; \u00e9change artistique galerie du Pont &#8211; Pearl Lam Galery &#8211; Hong Kong (aout&nbsp;14)<\/p>\n\n\n\n<p><strong>2013 <\/strong>&#8211; La Citerne &#8211; Baux de Provence<\/p>\n\n\n\n<p><strong>2014 <\/strong>&#8211; Beijing Aout 2014 au Dstrict 798 &#8211; Expostion \u00e0 la Citerne &#8211; Les Baux de Provence&nbsp;&#8211; Marseille<\/p>\n\n\n\n<p><strong>2014 <\/strong>&#8211; Arles &#8211; Espace VAN GOGH du 5 au 19 d\u00e9cembre<\/p>\n\n\n\n<p><strong>2015 <\/strong>&#8211; Exposition chez Hand&amp;Co, St R\u00e9my de Provence de juillet \u00e0 fin septembre 2015<\/p>\n\n\n\n<p>\u200b<strong>2016 <\/strong>&#8211; \u00ab\u00a0Bistrot Troqu\u00e9 \u00a0\u00bb Sauve &#8211; Gard avril 2016 avec L&rsquo;artiste Fabienne Astier \u00ab\u00a0Abstractions lyriques\u00a0\u00bb Arles du 24 juin au 16 septembre<\/p>\n\n\n\n<p><strong>2016 <\/strong>&#8211; Espace Ange 2 rue des Carmes Arles2017 Artittude 2017 Exposition collective Baux Arts des Alpilles St R\u00e9my de Provence Juillet 2017 &#8211;&nbsp;\u00ab\u00a0Elles en oeuvre\u00a0\u00bb Chapelle St VIncent Eygali\u00e8res du 25 aout au 14 septembre 2017. exposition&nbsp;collective de femmes artistes.<\/p>\n\n\n\n<p>\u200b<strong>2018 <\/strong>&#8211; Exposition \u00ab\u00a0Les Signes\u00a0\u00bb&nbsp;&nbsp;Epace Van Gogh ARLES du 1er au 12 d\u00e9cembre 2018<\/p>\n\n\n\n<p>\u200b<strong>2019 <\/strong>&#8211; Exposition au MANGELIRE Arles du 1er mai au 16 juin 2019 \u00ab\u00a0Abstractions lyriques et sculpture papiers\u00a0\u00bb.2019 Installation \u00ab Mouvements d\u2019encre\u00a0\u00bb Arles du 01\/10\/19 au 30\/11\/19\u00a02020 Exposition Chapelle St Anne Arles Kakemonos et Encres en mouvement du 01\/08\/21 au 30\/10\/2020.<\/p>\n\n\n\n<p>\u200b<strong>2019 <\/strong>&#8211; Et\u00e9 Indien 2 Festival Arts Arles \u00ab\u00a0Mouvement d\u2019encres\u00a0\u00bb \u00a001\/09\/19 au 25\/09\/19 &#8211; Langerie Arles.<\/p>\n\n\n\n<p>\u200b<strong>2020 <\/strong>&#8211; Exposition Chapelle St Anne Arles &#8211; invit\u00e9e par la ville exposition Par Nature de 4 artistes plasticiens du\u00a0Et\u00e9 Indien \u00ab\u00a0Mouvement d\u2019encres\u00a0\u00bb Aires du 01\/09\/19 au 25\/09\/19.<\/p>\n\n\n\n<p>\u200b<strong>2020 <\/strong>&#8211; \u00c9t\u00e9 Indien 3 &#8211; Festival Art Arles &#8211; 16\/09\/20 au 20\/10\/20 &#8211; \u00ab\u00a0Dissection d\u2019encres\u00a0\u00bb.<\/p>\n<\/div><\/div>\n<\/div><\/div>\n\n\n\n<h6 class=\"wp-block-heading\">&nbsp; &nbsp; &nbsp; &nbsp; &nbsp; &nbsp; &nbsp;<\/h6>\n\n\n\n<h6 class=\"wp-block-heading\">&nbsp; &nbsp; &nbsp; &nbsp; &nbsp; &nbsp; &nbsp;<\/h6>\n\n\n\n<h6 class=\"wp-block-heading\">&nbsp;&nbsp; &nbsp; &nbsp; &nbsp;&nbsp; <\/h6>\n","protected":false},"excerpt":{"rendered":"<p>1985 &#8211; Salon d\u2019Arts contemporains \u00ab Jeunes \u00e9coles&nbsp;\u00bb Lille \/ Exp photo &nbsp;\u00ab\u00a0Femmes d\u2019Ivoire \u00a0\u00bb &nbsp;Lille, espace Terre des hommes.&nbsp; &nbsp; &nbsp; &nbsp; &nbsp; &nbsp; 1986<span class=\"excerpt-hellip\"> [\u2026]<\/span><\/p>\n","protected":false},"author":1,"featured_media":0,"parent":0,"menu_order":0,"comment_status":"closed","ping_status":"closed","template":"","meta":{"footnotes":""},"class_list":["post-148","page","type-page","status-publish","hentry"],"yoast_head":"<!-- This site is optimized with the Yoast SEO plugin v26.8 - https:\/\/yoast.com\/product\/yoast-seo-wordpress\/ -->\n<title>Expositions - Valerie Ravoisier Artiste<\/title>\n<meta name=\"robots\" content=\"index, follow, max-snippet:-1, max-image-preview:large, max-video-preview:-1\" \/>\n<link rel=\"canonical\" href=\"https:\/\/demo.infographart.com\/valerieravoisier1\/?page_id=148\" \/>\n<meta property=\"og:locale\" content=\"fr_FR\" \/>\n<meta property=\"og:type\" content=\"article\" \/>\n<meta property=\"og:title\" content=\"Expositions - Valerie Ravoisier Artiste\" \/>\n<meta property=\"og:description\" content=\"1985 &#8211; Salon d\u2019Arts contemporains \u00ab Jeunes \u00e9coles&nbsp;\u00bb Lille \/ Exp photo &nbsp;\u00ab\u00a0Femmes d\u2019Ivoire \u00a0\u00bb &nbsp;Lille, espace Terre des hommes.&nbsp; &nbsp; &nbsp; &nbsp; &nbsp; &nbsp; 1986 [\u2026]\" \/>\n<meta property=\"og:url\" content=\"https:\/\/demo.infographart.com\/valerieravoisier1\/?page_id=148\" \/>\n<meta property=\"og:site_name\" content=\"Valerie Ravoisier Artiste\" \/>\n<meta property=\"article:modified_time\" content=\"2022-08-20T15:00:34+00:00\" \/>\n<meta name=\"twitter:card\" content=\"summary_large_image\" \/>\n<meta name=\"twitter:label1\" content=\"Dur\u00e9e de lecture estim\u00e9e\" \/>\n\t<meta name=\"twitter:data1\" content=\"4 minutes\" \/>\n<script type=\"application\/ld+json\" class=\"yoast-schema-graph\">{\"@context\":\"https:\/\/schema.org\",\"@graph\":[{\"@type\":\"WebPage\",\"@id\":\"https:\/\/demo.infographart.com\/valerieravoisier1\/?page_id=148\",\"url\":\"https:\/\/demo.infographart.com\/valerieravoisier1\/?page_id=148\",\"name\":\"Expositions - Valerie Ravoisier Artiste\",\"isPartOf\":{\"@id\":\"https:\/\/demo.infographart.com\/valerieravoisier1\/#website\"},\"datePublished\":\"2021-09-27T16:34:59+00:00\",\"dateModified\":\"2022-08-20T15:00:34+00:00\",\"breadcrumb\":{\"@id\":\"https:\/\/demo.infographart.com\/valerieravoisier1\/?page_id=148#breadcrumb\"},\"inLanguage\":\"fr-FR\",\"potentialAction\":[{\"@type\":\"ReadAction\",\"target\":[\"https:\/\/demo.infographart.com\/valerieravoisier1\/?page_id=148\"]}]},{\"@type\":\"BreadcrumbList\",\"@id\":\"https:\/\/demo.infographart.com\/valerieravoisier1\/?page_id=148#breadcrumb\",\"itemListElement\":[{\"@type\":\"ListItem\",\"position\":1,\"name\":\"Accueil\",\"item\":\"https:\/\/demo.infographart.com\/valerieravoisier1\/\"},{\"@type\":\"ListItem\",\"position\":2,\"name\":\"Expositions\"}]},{\"@type\":\"WebSite\",\"@id\":\"https:\/\/demo.infographart.com\/valerieravoisier1\/#website\",\"url\":\"https:\/\/demo.infographart.com\/valerieravoisier1\/\",\"name\":\"Valerie Ravoisier Artiste\",\"description\":\"Un site utilisant Portfolio Infographart\",\"potentialAction\":[{\"@type\":\"SearchAction\",\"target\":{\"@type\":\"EntryPoint\",\"urlTemplate\":\"https:\/\/demo.infographart.com\/valerieravoisier1\/?s={search_term_string}\"},\"query-input\":{\"@type\":\"PropertyValueSpecification\",\"valueRequired\":true,\"valueName\":\"search_term_string\"}}],\"inLanguage\":\"fr-FR\"}]}<\/script>\n<!-- \/ Yoast SEO plugin. -->","yoast_head_json":{"title":"Expositions - Valerie Ravoisier Artiste","robots":{"index":"index","follow":"follow","max-snippet":"max-snippet:-1","max-image-preview":"max-image-preview:large","max-video-preview":"max-video-preview:-1"},"canonical":"https:\/\/demo.infographart.com\/valerieravoisier1\/?page_id=148","og_locale":"fr_FR","og_type":"article","og_title":"Expositions - Valerie Ravoisier Artiste","og_description":"1985 &#8211; Salon d\u2019Arts contemporains \u00ab Jeunes \u00e9coles&nbsp;\u00bb Lille \/ Exp photo &nbsp;\u00ab\u00a0Femmes d\u2019Ivoire \u00a0\u00bb &nbsp;Lille, espace Terre des hommes.&nbsp; &nbsp; &nbsp; &nbsp; &nbsp; &nbsp; 1986 [\u2026]","og_url":"https:\/\/demo.infographart.com\/valerieravoisier1\/?page_id=148","og_site_name":"Valerie Ravoisier Artiste","article_modified_time":"2022-08-20T15:00:34+00:00","twitter_card":"summary_large_image","twitter_misc":{"Dur\u00e9e de lecture estim\u00e9e":"4 minutes"},"schema":{"@context":"https:\/\/schema.org","@graph":[{"@type":"WebPage","@id":"https:\/\/demo.infographart.com\/valerieravoisier1\/?page_id=148","url":"https:\/\/demo.infographart.com\/valerieravoisier1\/?page_id=148","name":"Expositions - Valerie Ravoisier Artiste","isPartOf":{"@id":"https:\/\/demo.infographart.com\/valerieravoisier1\/#website"},"datePublished":"2021-09-27T16:34:59+00:00","dateModified":"2022-08-20T15:00:34+00:00","breadcrumb":{"@id":"https:\/\/demo.infographart.com\/valerieravoisier1\/?page_id=148#breadcrumb"},"inLanguage":"fr-FR","potentialAction":[{"@type":"ReadAction","target":["https:\/\/demo.infographart.com\/valerieravoisier1\/?page_id=148"]}]},{"@type":"BreadcrumbList","@id":"https:\/\/demo.infographart.com\/valerieravoisier1\/?page_id=148#breadcrumb","itemListElement":[{"@type":"ListItem","position":1,"name":"Accueil","item":"https:\/\/demo.infographart.com\/valerieravoisier1\/"},{"@type":"ListItem","position":2,"name":"Expositions"}]},{"@type":"WebSite","@id":"https:\/\/demo.infographart.com\/valerieravoisier1\/#website","url":"https:\/\/demo.infographart.com\/valerieravoisier1\/","name":"Valerie Ravoisier Artiste","description":"Un site utilisant Portfolio Infographart","potentialAction":[{"@type":"SearchAction","target":{"@type":"EntryPoint","urlTemplate":"https:\/\/demo.infographart.com\/valerieravoisier1\/?s={search_term_string}"},"query-input":{"@type":"PropertyValueSpecification","valueRequired":true,"valueName":"search_term_string"}}],"inLanguage":"fr-FR"}]}},"_links":{"self":[{"href":"https:\/\/demo.infographart.com\/valerieravoisier1\/index.php?rest_route=\/wp\/v2\/pages\/148","targetHints":{"allow":["GET"]}}],"collection":[{"href":"https:\/\/demo.infographart.com\/valerieravoisier1\/index.php?rest_route=\/wp\/v2\/pages"}],"about":[{"href":"https:\/\/demo.infographart.com\/valerieravoisier1\/index.php?rest_route=\/wp\/v2\/types\/page"}],"author":[{"embeddable":true,"href":"https:\/\/demo.infographart.com\/valerieravoisier1\/index.php?rest_route=\/wp\/v2\/users\/1"}],"replies":[{"embeddable":true,"href":"https:\/\/demo.infographart.com\/valerieravoisier1\/index.php?rest_route=%2Fwp%2Fv2%2Fcomments&post=148"}],"version-history":[{"count":0,"href":"https:\/\/demo.infographart.com\/valerieravoisier1\/index.php?rest_route=\/wp\/v2\/pages\/148\/revisions"}],"wp:attachment":[{"href":"https:\/\/demo.infographart.com\/valerieravoisier1\/index.php?rest_route=%2Fwp%2Fv2%2Fmedia&parent=148"}],"curies":[{"name":"wp","href":"https:\/\/api.w.org\/{rel}","templated":true}]}}